{"id":1336,"date":"2025-04-11T13:05:51","date_gmt":"2025-04-11T11:05:51","guid":{"rendered":"https:\/\/famelona.mg\/?page_id=1336"},"modified":"2025-04-11T13:44:15","modified_gmt":"2025-04-11T11:44:15","slug":"famelona-suisse","status":"publish","type":"page","link":"https:\/\/famelona.mg\/?page_id=1336","title":{"rendered":"Famelona Suisse"},"content":{"rendered":"\n<h2 class=\"wp-block-heading\">Pr\u00e9sentation<\/h2>\n\n\n\n<p>Cr\u00e9e en 2023, l\u2019association Famelona Suisse intervient dans tous les domaines qui touchent \u00e0 la formation et au partage de connaissances sur la conservation ainsi qu\u2019\u00e0 la valorisation durable des ressources naturelles \u00e0 Madagascar. Ses objectifs et projets sont li\u00e9s \u00e0 ceux de l\u2019association faiti\u00e8re Famelona Madagascar.<\/p>\n\n\n\n<h2 class=\"wp-block-heading\">Slogan<\/h2>\n\n\n\n<blockquote class=\"wp-block-quote is-layout-flow wp-block-quote-is-layout-flow\">\n<p>\u00ab\u00a0<a>Famelona: un impact local inclusif, local et durable<\/a>\u00a0\u00bb<\/p>\n\n\n\n<hr class=\"wp-block-separator has-alpha-channel-opacity\"\/>\n<\/blockquote>\n\n\n\n<h2 class=\"wp-block-heading\">Activit\u00e9s<\/h2>\n\n\n\n<p>L\u2019association Famelona Suisse soutien par exemple\u00a0la scolarisation d\u2019enfants dans la presqu\u2019\u00eele d\u2019Ampasindavaau nordde Madagascar, via la construction de salles de classe et le financement de la moiti\u00e9 du salaire d\u2019un instituteur (l\u2019autre moiti\u00e9\u00e9tant financ\u00e9e par l\u2019association des parents des \u00e9l\u00e8ves). Les enfants doivent actuellement parcourir \u00e0 pied et en pirogue un chemin de parfois plus d\u2019une heure pour se rendre \u00e0 l\u2019\u00e9cole.<\/p>\n\n\n\n<h2 class=\"wp-block-heading\">Objectifs :<\/h2>\n\n\n\n            <ul class=\"PGBlockAccordion pg27a32cb9d9d4\">\n\n\n\n                                    <li class=\"ac-item ac-trigger item\" index=0 blockId=pg27a32cb9d9d4>\n\n\n                        \n                        <span>\n\n                                                        Soutenir les projets et activit\u00e9s de l\u2019Association faiti\u00e8re<\/span>\n                        \n\n                        \n\n                    <\/li>\n\n\n\n\n\n                                    <li class=\"ac-item ac-trigger item\" index=1 blockId=pg27a32cb9d9d4>\n\n\n                        \n                        <span>\n\n                                                        Proposer de nouveaux projets, puis si valid\u00e9s, les r\u00e9aliser <\/span>\n                        \n\n                        \n\n                    <\/li>\n\n\n\n\n\n                                    <li class=\"ac-item ac-trigger item\" index=2 blockId=pg27a32cb9d9d4>\n\n\n                        \n                        <span>\n\n                                                        Lever des fonds en Suisse et \u00e0 l\u2019international pour appuyer l\u2019Association faiti\u00e8re<\/span>\n                        \n\n                        \n\n                    <\/li>\n\n\n\n\n\n                            <\/ul>\n        \n\n\n\n\n\n\n\n\n\n\n<h2 class=\"wp-block-heading\"><strong>Projets r\u00e9alis\u00e9s et en cours de r\u00e9alisation:<\/strong><\/h2>\n\n\n\n<p><\/p>\n\n\n            <div class=\"pge9df4d854f4b\">\n                                    <img decoding=\"async\" src=\"https:\/\/i0.wp.com\/famelona.mg\/wp-content\/uploads\/2025\/04\/Gros-oeuvre-ecole-Ambariomena_1.jpg?w=1170&#038;ssl=1\" srcset=\"https:\/\/i0.wp.com\/famelona.mg\/wp-content\/uploads\/2025\/04\/Gros-oeuvre-ecole-Ambariomena_1.jpg?w=960&amp;ssl=1 960w, https:\/\/i0.wp.com\/famelona.mg\/wp-content\/uploads\/2025\/04\/Gros-oeuvre-ecole-Ambariomena_1.jpg?resize=300%2C138&amp;ssl=1 300w, https:\/\/i0.wp.com\/famelona.mg\/wp-content\/uploads\/2025\/04\/Gros-oeuvre-ecole-Ambariomena_1.jpg?resize=768%2C354&amp;ssl=1 768w, https:\/\/i0.wp.com\/famelona.mg\/wp-content\/uploads\/2025\/04\/Gros-oeuvre-ecole-Ambariomena_1.jpg?resize=230%2C106&amp;ssl=1 230w, https:\/\/i0.wp.com\/famelona.mg\/wp-content\/uploads\/2025\/04\/Gros-oeuvre-ecole-Ambariomena_1.jpg?resize=350%2C162&amp;ssl=1 350w, https:\/\/i0.wp.com\/famelona.mg\/wp-content\/uploads\/2025\/04\/Gros-oeuvre-ecole-Ambariomena_1.jpg?resize=480%2C222&amp;ssl=1 480w\" alt=\"\" data-recalc-dims=\"1\">\n\n                            <\/div>\n        \n\n\n\n\n\n\n\n\n\n\n\n<p>Financement de la construction d\u2019une salle de classe de l\u2019\u00e9cole d\u2019Ambariomena (Ampasindava) (avril \u00e0 septembre 2025\u00a0; photo avril 2025)<\/p>\n\n\n            <div class=\"pga0861b144567\">\n                                    <img decoding=\"async\" src=\"https:\/\/i0.wp.com\/famelona.mg\/wp-content\/uploads\/2025\/04\/Photo-dun-niveau-avec-institutrice-Ambariomena.jpg?w=1170&#038;ssl=1\" srcset=\"https:\/\/i0.wp.com\/famelona.mg\/wp-content\/uploads\/2025\/04\/Photo-dun-niveau-avec-institutrice-Ambariomena.jpg?w=960&amp;ssl=1 960w, https:\/\/i0.wp.com\/famelona.mg\/wp-content\/uploads\/2025\/04\/Photo-dun-niveau-avec-institutrice-Ambariomena.jpg?resize=300%2C225&amp;ssl=1 300w, https:\/\/i0.wp.com\/famelona.mg\/wp-content\/uploads\/2025\/04\/Photo-dun-niveau-avec-institutrice-Ambariomena.jpg?resize=768%2C576&amp;ssl=1 768w, https:\/\/i0.wp.com\/famelona.mg\/wp-content\/uploads\/2025\/04\/Photo-dun-niveau-avec-institutrice-Ambariomena.jpg?resize=230%2C173&amp;ssl=1 230w, https:\/\/i0.wp.com\/famelona.mg\/wp-content\/uploads\/2025\/04\/Photo-dun-niveau-avec-institutrice-Ambariomena.jpg?resize=350%2C263&amp;ssl=1 350w, https:\/\/i0.wp.com\/famelona.mg\/wp-content\/uploads\/2025\/04\/Photo-dun-niveau-avec-institutrice-Ambariomena.jpg?resize=480%2C360&amp;ssl=1 480w\" alt=\"\" data-recalc-dims=\"1\">\n\n                            <\/div>\n        \n\n\n\n\n\n\n\n\n\n\n\n<p>Compl\u00e9ment de salaire d\u2019une enseignante de l\u2019\u00e9cole d\u2019Ambariomena \u00e0 Ampasindava (financement partag\u00e9s entre l\u2019Association des parents d\u2019\u00e9l\u00e8ves et Famelona Suisse) (avril 2025 \u00e0\u00a0 d\u00e9cembre 2026\u00a0; photo\u00a0: avril2025)<\/p>\n\n\n            <div class=\"pg89f5b83aff41\">\n                                    <img decoding=\"async\" src=\"https:\/\/i0.wp.com\/famelona.mg\/wp-content\/uploads\/2025\/04\/IMG-20230515-WA0010.jpg?w=1170&#038;ssl=1\" srcset=\"https:\/\/i0.wp.com\/famelona.mg\/wp-content\/uploads\/2025\/04\/IMG-20230515-WA0010.jpg?w=1040&amp;ssl=1 1040w, https:\/\/i0.wp.com\/famelona.mg\/wp-content\/uploads\/2025\/04\/IMG-20230515-WA0010.jpg?resize=300%2C225&amp;ssl=1 300w, https:\/\/i0.wp.com\/famelona.mg\/wp-content\/uploads\/2025\/04\/IMG-20230515-WA0010.jpg?resize=1024%2C768&amp;ssl=1 1024w, https:\/\/i0.wp.com\/famelona.mg\/wp-content\/uploads\/2025\/04\/IMG-20230515-WA0010.jpg?resize=768%2C576&amp;ssl=1 768w, https:\/\/i0.wp.com\/famelona.mg\/wp-content\/uploads\/2025\/04\/IMG-20230515-WA0010.jpg?resize=1000%2C750&amp;ssl=1 1000w, https:\/\/i0.wp.com\/famelona.mg\/wp-content\/uploads\/2025\/04\/IMG-20230515-WA0010.jpg?resize=230%2C173&amp;ssl=1 230w, https:\/\/i0.wp.com\/famelona.mg\/wp-content\/uploads\/2025\/04\/IMG-20230515-WA0010.jpg?resize=350%2C263&amp;ssl=1 350w, https:\/\/i0.wp.com\/famelona.mg\/wp-content\/uploads\/2025\/04\/IMG-20230515-WA0010.jpg?resize=480%2C360&amp;ssl=1 480w\" alt=\"\" data-recalc-dims=\"1\">\n\n                            <\/div>\n        \n\n\n\n\n\n\n\n\n\n\n\n<p>Implication d\u2019\u00e9tudiants Suisses (Clelia Korff et Natasha Slatkine, Coll\u00e8ge de Candolle) aux activit\u00e9s de Famelona Madagascar (conservation et enseignement) \u00e0 Ampasindava &#8211; Galoko-Kalobinono (avril-juin 2023\u00a0; photo\u00a0: pr\u00e9paration des plantations avec l\u2019\u00e9quipe Famelona, mai 2023)<\/p>\n\n\n            <div class=\"pgca1ebf4c5458\">\n                                    <img decoding=\"async\" src=\"https:\/\/i0.wp.com\/famelona.mg\/wp-content\/uploads\/2025\/04\/vlcsnap-2025-04-11-11h38m46s312.jpg?w=1170&#038;ssl=1\" srcset=\"https:\/\/i0.wp.com\/famelona.mg\/wp-content\/uploads\/2025\/04\/vlcsnap-2025-04-11-11h38m46s312.jpg?w=1920&amp;ssl=1 1920w, https:\/\/i0.wp.com\/famelona.mg\/wp-content\/uploads\/2025\/04\/vlcsnap-2025-04-11-11h38m46s312.jpg?resize=300%2C169&amp;ssl=1 300w, https:\/\/i0.wp.com\/famelona.mg\/wp-content\/uploads\/2025\/04\/vlcsnap-2025-04-11-11h38m46s312.jpg?resize=1024%2C576&amp;ssl=1 1024w, https:\/\/i0.wp.com\/famelona.mg\/wp-content\/uploads\/2025\/04\/vlcsnap-2025-04-11-11h38m46s312.jpg?resize=768%2C432&amp;ssl=1 768w, https:\/\/i0.wp.com\/famelona.mg\/wp-content\/uploads\/2025\/04\/vlcsnap-2025-04-11-11h38m46s312.jpg?resize=1536%2C864&amp;ssl=1 1536w, https:\/\/i0.wp.com\/famelona.mg\/wp-content\/uploads\/2025\/04\/vlcsnap-2025-04-11-11h38m46s312.jpg?resize=1000%2C563&amp;ssl=1 1000w, https:\/\/i0.wp.com\/famelona.mg\/wp-content\/uploads\/2025\/04\/vlcsnap-2025-04-11-11h38m46s312.jpg?resize=230%2C129&amp;ssl=1 230w, https:\/\/i0.wp.com\/famelona.mg\/wp-content\/uploads\/2025\/04\/vlcsnap-2025-04-11-11h38m46s312.jpg?resize=350%2C197&amp;ssl=1 350w, https:\/\/i0.wp.com\/famelona.mg\/wp-content\/uploads\/2025\/04\/vlcsnap-2025-04-11-11h38m46s312.jpg?resize=480%2C270&amp;ssl=1 480w\" alt=\"\" data-recalc-dims=\"1\">\n\n                            <\/div>\n        \n\n\n\n\n\n\n\n\n\n\n\n<p>Cr\u00e9ation de l\u2019Association Famelona Suisse, \u00e0 Choulex (15 mai 2023)<\/p>\n\n\n\n<hr class=\"wp-block-separator has-alpha-channel-opacity\"\/>\n\n\n\n<p><a id=\"_msocom_1\"><\/a><\/p>\n\n\n\n<h2 class=\"wp-block-heading\">Contacts<\/h2>\n\n\n\n<p><strong><u>D\u00e9couvrez \/ Contactez \/ Rejoignez \/ soutenez l\u2019association<\/u><\/strong><\/p>\n\n\n\n<p>famelona.suisse(at)famelona.mg<br><p class=\"MsoNormal\"><span lang=\"FR-CH\">IBAN: CH77 09000 0000 1639 5950 9<\/span><\/p>https:\/\/famelona.mg<br><br><\/p>\n","protected":false},"excerpt":{"rendered":"<p>Pr\u00e9sentation Cr\u00e9e en 2023, l\u2019association Famelona Suisse intervient dans tous les domaines qui touchent \u00e0 la formation et au partage de connaissances [&hellip;]<\/p>\n","protected":false},"author":1,"featured_media":0,"parent":0,"menu_order":0,"comment_status":"closed","ping_status":"closed","template":"","meta":{"advgb_blocks_editor_width":"","advgb_blocks_columns_visual_guide":"","episode_type":"","audio_file":"","cover_image":"","cover_image_id":"","duration":"","filesize":"","date_recorded":"","explicit":"","block":"","filesize_raw":"","footnotes":""},"aioseo_notices":[],"coauthors":[],"author_meta":{"author_link":"https:\/\/famelona.mg\/?author=1","display_name":"Association Famelona"},"relative_dates":{"created":"Publi\u00e9 1 an il y a","modified":"Mis \u00e0 jour 1 an il y a"},"absolute_dates":{"created":"Publi\u00e9 le 11 avril 2025","modified":"Mise \u00e0 jour le 11 avril 2025"},"absolute_dates_time":{"created":"Publi\u00e9 le 11 avril 2025 13 h 05 min","modified":"Mise \u00e0 jour le 11 avril 2025 13 h 44 min"},"featured_img_caption":"","featured_img":false,"series_order":"","jetpack_likes_enabled":true,"jetpack_sharing_enabled":true,"_links":{"self":[{"href":"https:\/\/famelona.mg\/index.php?rest_route=\/wp\/v2\/pages\/1336"}],"collection":[{"href":"https:\/\/famelona.mg\/index.php?rest_route=\/wp\/v2\/pages"}],"about":[{"href":"https:\/\/famelona.mg\/index.php?rest_route=\/wp\/v2\/types\/page"}],"author":[{"embeddable":true,"href":"https:\/\/famelona.mg\/index.php?rest_route=\/wp\/v2\/users\/1"}],"replies":[{"embeddable":true,"href":"https:\/\/famelona.mg\/index.php?rest_route=%2Fwp%2Fv2%2Fcomments&post=1336"}],"version-history":[{"count":10,"href":"https:\/\/famelona.mg\/index.php?rest_route=\/wp\/v2\/pages\/1336\/revisions"}],"predecessor-version":[{"id":1363,"href":"https:\/\/famelona.mg\/index.php?rest_route=\/wp\/v2\/pages\/1336\/revisions\/1363"}],"wp:attachment":[{"href":"https:\/\/famelona.mg\/index.php?rest_route=%2Fwp%2Fv2%2Fmedia&parent=1336"}],"curies":[{"name":"wp","href":"https:\/\/api.w.org\/{rel}","templated":true}]}}